{"id":779,"date":"2021-11-24T20:49:28","date_gmt":"2021-11-24T20:49:28","guid":{"rendered":"https:\/\/colaistenaomheoin.ie\/?page_id=779"},"modified":"2024-02-22T11:05:56","modified_gmt":"2024-02-22T11:05:56","slug":"fuinn","status":"publish","type":"page","link":"https:\/\/colaistenaomheoin.ie\/en\/fuinn\/","title":{"rendered":"About us"},"content":{"rendered":"<div data-elementor-type=\"wp-page\" data-elementor-id=\"779\" class=\"elementor elementor-779\" data-elementor-post-type=\"page\">\n\t\t\t\t\t\t<section class=\"elementor-section elementor-top-section elementor-element elementor-element-188f78f8 elementor-section-boxed elementor-section-height-default elementor-section-height-default\" data-id=\"188f78f8\" data-element_type=\"section\">\n\t\t\t\t\t\t<div class=\"elementor-container elementor-column-gap-default\">\n\t\t\t\t\t<div class=\"elementor-column elementor-col-100 elementor-top-column elementor-element elementor-element-7f5ca12b\" data-id=\"7f5ca12b\" data-element_type=\"column\">\n\t\t\t<div class=\"elementor-widget-wrap\">\n\t\t\t\t\t\t\t<\/div>\n\t\t<\/div>\n\t\t\t\t\t<\/div>\n\t\t<\/section>\n\t\t\t\t<section class=\"elementor-section elementor-top-section elementor-element elementor-element-42634819 elementor-section-full_width elementor-section-height-min-height elementor-section-height-default elementor-section-items-middle\" data-id=\"42634819\" data-element_type=\"section\" data-settings=\"{&quot;background_background&quot;:&quot;classic&quot;}\">\n\t\t\t\t\t\t<div class=\"elementor-container elementor-column-gap-default\">\n\t\t\t\t\t<div class=\"elementor-column elementor-col-100 elementor-top-column elementor-element elementor-element-71f408ca\" data-id=\"71f408ca\" data-element_type=\"column\">\n\t\t\t<div class=\"elementor-widget-wrap\">\n\t\t\t\t\t\t\t<\/div>\n\t\t<\/div>\n\t\t\t\t\t<\/div>\n\t\t<\/section>\n\t\t\t\t<section class=\"elementor-section elementor-top-section elementor-element elementor-element-42c56753 elementor-section-full_width elementor-section-height-min-height elementor-section-height-default elementor-section-items-middle\" data-id=\"42c56753\" data-element_type=\"section\">\n\t\t\t\t\t\t<div class=\"elementor-container elementor-column-gap-default\">\n\t\t\t\t\t<div class=\"elementor-column elementor-col-50 elementor-top-column elementor-element elementor-element-4c813478\" data-id=\"4c813478\" data-element_type=\"column\" data-settings=\"{&quot;background_background&quot;:&quot;classic&quot;}\">\n\t\t\t<div class=\"elementor-widget-wrap elementor-element-populated\">\n\t\t\t\t\t\t<section class=\"elementor-section elementor-inner-section elementor-element elementor-element-20686cb9 elementor-section-boxed elementor-section-height-default elementor-section-height-default\" data-id=\"20686cb9\" data-element_type=\"section\">\n\t\t\t\t\t\t<div class=\"elementor-container elementor-column-gap-default\">\n\t\t\t\t\t<div class=\"elementor-column elementor-col-100 elementor-inner-column elementor-element elementor-element-573ba51b\" data-id=\"573ba51b\" data-element_type=\"column\">\n\t\t\t<div class=\"elementor-widget-wrap elementor-element-populated\">\n\t\t\t\t\t\t<div class=\"elementor-element elementor-element-757f7d15 elementor-invisible elementor-widget elementor-widget-breadcrumbs\" data-id=\"757f7d15\" data-element_type=\"widget\" data-settings=\"{&quot;_animation&quot;:&quot;fadeInLeft&quot;}\" data-widget_type=\"breadcrumbs.default\">\n\t\t\t\t<div class=\"elementor-widget-container\">\n\t\t\t\t\t<p id=\"breadcrumbs\"><span><span><a href=\"https:\/\/colaistenaomheoin.ie\/\">Home<\/a><\/span><\/span><\/p>\t\t\t\t<\/div>\n\t\t\t\t<\/div>\n\t\t\t\t<div class=\"elementor-element elementor-element-35270965 elementor-invisible elementor-widget elementor-widget-heading\" data-id=\"35270965\" data-element_type=\"widget\" data-settings=\"{&quot;_animation&quot;:&quot;fadeInLeft&quot;}\" data-widget_type=\"heading.default\">\n\t\t\t\t<div class=\"elementor-widget-container\">\n\t\t\t\t\t<h2 class=\"elementor-heading-title elementor-size-default\">School Info<\/h2>\t\t\t\t<\/div>\n\t\t\t\t<\/div>\n\t\t\t\t\t<\/div>\n\t\t<\/div>\n\t\t\t\t\t<\/div>\n\t\t<\/section>\n\t\t\t\t<div class=\"elementor-element elementor-element-30f62ec9 elementor-widget elementor-widget-spacer\" data-id=\"30f62ec9\" data-element_type=\"widget\" data-widget_type=\"spacer.default\">\n\t\t\t\t<div class=\"elementor-widget-container\">\n\t\t\t\t\t\t\t<div class=\"elementor-spacer\">\n\t\t\t<div class=\"elementor-spacer-inner\"><\/div>\n\t\t<\/div>\n\t\t\t\t\t\t<\/div>\n\t\t\t\t<\/div>\n\t\t\t\t\t<\/div>\n\t\t<\/div>\n\t\t\t\t<div class=\"elementor-column elementor-col-50 elementor-top-column elementor-element elementor-element-669e43d\" data-id=\"669e43d\" data-element_type=\"column\" data-settings=\"{&quot;background_background&quot;:&quot;classic&quot;}\">\n\t\t\t<div class=\"elementor-widget-wrap\">\n\t\t\t\t\t\t\t<\/div>\n\t\t<\/div>\n\t\t\t\t\t<\/div>\n\t\t<\/section>\n\t\t\t\t<section class=\"elementor-section elementor-top-section elementor-element elementor-element-4de81ef5 elementor-section-content-middle elementor-section-boxed elementor-section-height-default elementor-section-height-default\" data-id=\"4de81ef5\" data-element_type=\"section\">\n\t\t\t\t\t\t<div class=\"elementor-container elementor-column-gap-no\">\n\t\t\t\t\t<div class=\"elementor-column elementor-col-50 elementor-top-column elementor-element elementor-element-55435796\" data-id=\"55435796\" data-element_type=\"column\">\n\t\t\t<div class=\"elementor-widget-wrap elementor-element-populated\">\n\t\t\t\t\t\t<div class=\"elementor-element elementor-element-ab77c0 elementor-widget elementor-widget-heading\" data-id=\"ab77c0\" data-element_type=\"widget\" data-widget_type=\"heading.default\">\n\t\t\t\t<div class=\"elementor-widget-container\">\n\t\t\t\t\t<h4 class=\"elementor-heading-title elementor-size-default\">About us<\/h4>\t\t\t\t<\/div>\n\t\t\t\t<\/div>\n\t\t\t\t<div class=\"elementor-element elementor-element-63c6a59e elementor-widget-divider--view-line elementor-invisible elementor-widget elementor-widget-divider\" data-id=\"63c6a59e\" data-element_type=\"widget\" data-settings=\"{&quot;_animation&quot;:&quot;fadeInLeft&quot;}\" data-widget_type=\"divider.default\">\n\t\t\t\t<div class=\"elementor-widget-container\">\n\t\t\t\t\t\t\t<div class=\"elementor-divider\">\n\t\t\t<span class=\"elementor-divider-separator\">\n\t\t\t\t\t\t<\/span>\n\t\t<\/div>\n\t\t\t\t\t\t<\/div>\n\t\t\t\t<\/div>\n\t\t\t\t\t<\/div>\n\t\t<\/div>\n\t\t\t\t<div class=\"elementor-column elementor-col-50 elementor-top-column elementor-element elementor-element-60701a3f\" data-id=\"60701a3f\" data-element_type=\"column\">\n\t\t\t<div class=\"elementor-widget-wrap elementor-element-populated\">\n\t\t\t\t\t\t<div class=\"elementor-element elementor-element-d6b8c22 elementor-widget elementor-widget-text-editor\" data-id=\"d6b8c22\" data-element_type=\"widget\" data-widget_type=\"text-editor.default\">\n\t\t\t\t<div class=\"elementor-widget-container\">\n\t\t\t\t\t\t\t\t\t<div><p>Scoil ar leith \u00ed Col\u00e1iste Naomh Eoin, scoil a bhfuil aitheantas n\u00e1isi\u00fanta bronnta uirthi mar gheall ar a r\u00f3l i dt\u00e1rrth\u00e1il &amp; buan\u00fa pobail ar Inis Me\u00e1in. (Gradam Pride of Place 2018). T\u00e1 an polasa\u00ed teanga seo mar bhunchloch na scoile agus ag tac\u00fa le hiarratas ar Aitheantas mar Scoil Ghaeltachta agus le Plean Teanga thr\u00ed hoile\u00e1in \u00c1rann. Is scoil \u00f3g \u00ed Col\u00e1iste Naomh Eoin, a buna\u00edodh ar sc\u00e9im p\u00edl\u00f3tach i 2001 agus tar \u00e9is bliana bhraith pobal an oile\u00e1in fi\u00fantas na scoile agus ghlac Coiste Gairm Oideachais Co na Gaillimhe c\u00faram as an scoil mar aonad de Chol\u00e1iste Cholmcille, Indreabh\u00e1n, socr\u00fa a mhair go dt\u00ed M\u00e9an F\u00f3mhair 2018, nuair a bhronn an Taoiseach Leo Varadkar, stadas neamhsple\u00e1ch ar an scoil tar \u00e9is feachtas n\u00e1isi\u00fanta. T\u00e1 struct\u00far bainist\u00edochta agus a lena huimhir rolla f\u00e9in 76534Q ag an scoil ceann de na pr\u00edomhspriocanna a bh\u00ed leagtha s\u00edos sa bplean gn\u00edomha\u00edochta feabhs\u00fach\u00e1in scoile.<\/p><p>Roimh an gc\u00e9im mh\u00edllteach seo bh\u00ed ar chuile ghas\u00far \u00f3n oile\u00e1n an baile a fh\u00e1g\u00e1il ag aois dh\u00e1 bhliain d\u00e9ag m\u00e1 bh\u00ed siad chun oideachas dara leibh\u00e9al a fh\u00e1il.<\/p><p>Buna\u00edodh me\u00e1nscoil ar Inis M\u00f3r i 1953 agus ar Inis Oirr in 1986. Bh\u00ed droch thionchar ag an easpa me\u00e1nscoil ar bh\u00e1n\u00fa daonra an Oile\u00e1in rud a d\u2019fh\u00e1g an pobal blianta fada ag meath. Buna\u00edodh Col\u00e1iste Naomh Eoin i 2001, nuair a th\u00e1inig deireadh leis na col\u00e1ist\u00ed c\u00f3naithe ar fud Chontae na Gaillimhe. Bh\u00ed an ch\u00e9ad bhliain scoile ar bhun trialach agus n\u00ed raibh ach cearthar scol\u00e1ir\u00ed sa scoil agus ba l\u00e9ir l\u00e1ithreach go raibh strucht\u00far taca\u00edochta oifigi\u00fail bainist\u00edochta ag teast\u00e1il.<\/p><p>De bharr iarg\u00faltacht Oile\u00e1in \u00c1rann agus iad scoite amach \u00f3n m\u00f3rth\u00edr, t\u00e1 teorainn ar l\u00edon na n-uimhreacha de ghas\u00fair \u00e1it\u00fala a bheidh sa scoil mar sin thug an Roinn Eala\u00edon Oidhreachta agus Gaeltachta isteach sc\u00e9im Scol\u00e1ireachta\u00ed i 2003 chun tac\u00fa le uimhreacha ar scoileanna na h-oile\u00e1in. Seo ceann de na tionscadail is rath\u00fala agus is tairbh\u00ed do phobal na n-Oile\u00e1in Ghaeltachta n\u00ed amh\u00e1in \u00f3 thaobh forbairt teanga de ach \u00f3 thaobh f\u00e1s agus forbairt na scoileanna agus inmharanacht na n-Oile\u00e1in. Cuireann Col\u00e1iste Naomh Eoin oideachas ar f\u00e1il do ghas\u00fair an Oile\u00e1in agus d\u00f3ibh si\u00fad \u00f3n t\u00edr mh\u00f3r a lorga\u00edonn oideachas tr\u00e9 Ghaeilge i Scoil Ghaeltachta. D\u00e9antar chuile iarracht gas\u00fair a earc\u00fa a chuaigh chuig gaelscoil m\u00e1s f\u00e9idir, ach is d\u00fail sa teanga agus meas ar an gcult\u00far gaelach a fhaigheann tosa\u00edocht sa phr\u00f3is\u00e9is roghn\u00fach\u00e1in. Bogann clainne chuig Inis Me\u00e1in chun freastal ar an scoil, chun maireacht\u00e1il in \u00e1r measc agus chun l\u00edofacht a bhaint amach sa teanga. Le blianta tagann go leor scol\u00e1ir\u00ed chugainn ar dheontais do cheantair iarg\u00falta a \u00edocann an Roinn Oideachais agus Scileanna d\u00f3ibh si\u00fad a shanta\u00edonn oideachas tr\u00e9 Ghaeilge ach nach bhfuil ar f\u00e1il ina gceantair d\u00fachais.<\/p><p>T\u00e1 pobal beo br\u00edomhar ar Inis Me\u00e1in athuair a bhu\u00edochas do fh\u00e1s agus do fhorbairt na me\u00e1nscoile. Tar \u00e9is blianta fada de bhan\u00fa pobail bh\u00ed leibh\u00e9al daonra Inis Me\u00e1in i ng\u00e9arch\u00e9im le tri\u00far sa bhunscoil i 2014 ach n\u00edl sampla n\u00edos fearr de th\u00e1bhacht scoile i bpobal n\u00e1 h-\u00e9ifeacht teacht na scoile sa bpobal seo le stop curtha le blianta de bh\u00e1n\u00fa pobail. T\u00e1 an dara m\u00fainteoir ceaptha sa bhunscoil ar\u00eds agus f\u00e1s ar na huimhreacha, chomh maith le f\u00e1s d\u00e1 thuartha sna blianta amach romhainn. T\u00e1 gas\u00fair bheag de bhun\u00fa an Oile\u00e1in ar Inis Me\u00e1in ar\u00eds agus an Ghaeilge mar theanga n\u00e1d\u00fartha baile sna teaghlaigh.<\/p><p>In aineoinn na ndeacrachta\u00ed a bh\u00ed \u00f3 thaobh easpa stadas neamhsple\u00e1ch d\u2019\u00e9irigh le Col\u00e1iste Naomh Eoin mar cheann de na gaelscoileanna is m\u00f3 c\u00e1il sa t\u00edr, le t\u00e1rrth\u00e1il<\/p><p>pobal &amp; t\u00fas \u00e1ite don teanga Ghaeilge a bheith l\u00e1rnach ina sc\u00e9al. T\u00e1 feidhm na scoile n\u00edos leithne n\u00e1 oideachas mar go bhfuil caomhn\u00fa pobal ar oile\u00e1n chomh maith le caomhn\u00fa oidhreacht, teanga agus Gaeltacht fite fuaite le f\u00e1s na scoile seo agus toradh dearfach d\u00e1 r\u00e9ir le braith.<\/p><p>T\u00e1 c\u00e1il na Gaeilge ar Inis Me\u00e1in mar Ghaeltacht a bh\u00ed l\u00e1rnach le hathbheochan na Gaeilge agus a spreag m\u00f3r-ghn\u00edomhaithe teanga na h-ama. Is seoid agus tearmann teanga \u00ed Col\u00e1iste Naomh Eoin a chotha\u00edonn luachanna agus beocht an teanga sa phobal beag seo.<\/p><p>Is \u00ed an Ghaeilge T1 sa Bhunscoil ar Inis Me\u00e1in agus t\u00e1 t\u00fas \u00e1ite aici i mbeagnach gach teaghlach ar an Oile\u00e1n agus d\u00f3chas do fh\u00e1s agus forbairt leis na gl\u00fainte at\u00e1 ag teacht an\u00edos. T\u00e1 muid l\u00e1rnach i ndearadh plean teanga do limist\u00e9ar teanga Oile\u00e1in \u00c1rann. Is \u00ed an Ghaeilge an teanga baile ag 80% de na gas\u00fair \u00e1iti\u00fala agus is \u00ed an Ghaeilge teanga na scoile seo, c\u00e9 nach h\u00ed an Ghaeilge teanga baile na scol\u00e1ir\u00ed c\u00f3naithe. M\u00faintear T1 Gaeilge TS amh\u00e1in sa scoil.<\/p><p>Tuigtear t\u00e1bhacht &amp; g\u00e1 at\u00e1 leis an Sc\u00e9im Aitheantais do Scoileanna Gaeltachta faoi sti\u00far an Roinn Oideachais agus Scileanna agus mar chuid de pholasa\u00ed teanga na scoile seo agus den an phlean gn\u00edomha\u00edochta scoile t\u00e1 muid tiom\u00e1nta.<\/p><p>T\u00e1 g\u00e9arch\u00e9im n\u00e1isi\u00fanta maidir le m\u00fainteoir\u00ed a earc\u00fa, ach nuair a bh\u00edonn Gaeilge agus oile\u00e1n san \u00e1ireamh is minic nach mb\u00edonn aon mh\u00fainteoir ar f\u00e1il agus c\u00e9 gur de bhun\u00fa na tr\u00ed hoile\u00e1in formh\u00f3r na m\u00fainteoir\u00ed sa scoil faoi l\u00e1thair is \u00ed an bhagairt is m\u00f3 at\u00e1 orainn n\u00e1 m\u00e1 bh\u00edonn m\u00fainteoir as l\u00e1thair, t\u00e1 an baol ann nach mbeidh muid in ann duine le Gaeilge a aimsi\u00fa.<\/p><p>T\u00e1 muid ag tn\u00fath leis an bplean seo d\u2019athaintas mar scoil Ghaeltachta a ghn\u00edomhi\u00fa le taca\u00edocht na Roinne Oideachais agus Scileanna chun a chinnti\u00fa go mba fada buan an Ghaeltacht seo agus a tr\u00e9ithe.<\/p><\/div><div>\u00a0<\/div>\t\t\t\t\t\t\t\t<\/div>\n\t\t\t\t<\/div>\n\t\t\t\t\t<\/div>\n\t\t<\/div>\n\t\t\t\t\t<\/div>\n\t\t<\/section>\n\t\t\t\t<section class=\"elementor-section elementor-top-section elementor-element elementor-element-d8c033a elementor-section-full_width elementor-section-height-default elementor-section-height-default\" data-id=\"d8c033a\" data-element_type=\"section\">\n\t\t\t\t\t\t<div class=\"elementor-container elementor-column-gap-default\">\n\t\t\t\t\t<div class=\"elementor-column elementor-col-100 elementor-top-column elementor-element elementor-element-0d02cae\" data-id=\"0d02cae\" data-element_type=\"column\">\n\t\t\t<div class=\"elementor-widget-wrap elementor-element-populated\">\n\t\t\t\t\t\t<div class=\"elementor-element elementor-element-520b9ce elementor-flip-box--effect-push elementor-flip-box--direction-up elementor-widget elementor-widget-flip-box\" data-id=\"520b9ce\" data-element_type=\"widget\" data-widget_type=\"flip-box.default\">\n\t\t\t\t<div class=\"elementor-widget-container\">\n\t\t\t\t\t\t\t<div class=\"elementor-flip-box\" tabindex=\"0\">\n\t\t\t<div class=\"elementor-flip-box__layer elementor-flip-box__front\">\n\t\t\t\t<div class=\"elementor-flip-box__layer__overlay\">\n\t\t\t\t\t<div class=\"elementor-flip-box__layer__inner\">\n\t\t\t\t\t\t\t\t\t\t\t\t\t<div class=\"elementor-icon-wrapper elementor-view-default\">\n\t\t\t\t\t\t\t\t<div class=\"elementor-icon\">\n\t\t\t\t\t\t\t\t\t<i class=\"fas fa-compass\"><\/i>\t\t\t\t\t\t\t\t<\/div>\n\t\t\t\t\t\t\t<\/div>\n\t\t\t\t\t\t\n\t\t\t\t\t\t\t\t\t\t\t\t\t<h3 class=\"elementor-flip-box__layer__title\">\n\t\t\t\t\t\t\t\tDid we grab your attention?\t\t\t\t\t\t\t<\/h3>\n\t\t\t\t\t\t\n\t\t\t\t\t\t\t\t\t\t\t\t\t<div class=\"elementor-flip-box__layer__description\">\n\t\t\t\t\t\t\t\tWould you like to be a part of this wonderful school...\t\t\t\t\t\t\t<\/div>\n\t\t\t\t\t\t\t\t\t\t\t<\/div>\n\t\t\t\t<\/div>\n\t\t\t<\/div>\n\t\t\t<div class=\"elementor-flip-box__layer elementor-flip-box__back\">\n\t\t\t<div class=\"elementor-flip-box__layer__overlay\">\n\t\t\t\t<div class=\"elementor-flip-box__layer__inner\">\n\t\t\t\t\t\t\t\t\t\t\t<h3 class=\"elementor-flip-box__layer__title\">\n\t\t\t\t\t\t\tExpress you interest now\t\t\t\t\t\t<\/h3>\n\t\t\t\t\t\n\t\t\t\t\t\t\t\t\t\t\t<div class=\"elementor-flip-box__layer__description\">\n\t\t\t\t\t\t\tL\u00e9irigh do chuid shuime don bhliain seo chugainn \t\t\t\t\t\t<\/div>\n\t\t\t\t\t\n\t\t\t\t\t\t\t\t\t\t\t<a class=\"elementor-flip-box__button elementor-button elementor-size-sm\" href=\"http:\/\/docs.google.com\/forms\/d\/e\/1FAIpQLSdffcFZfpJNoZ-g95XU9iwnv0hl65rTxE-J3ycXpBx0dJMcuQ\/viewform\">\n\t\t\t\t\t\t\tClick here\t\t\t\t\t\t<\/a>\n\t\t\t\t\t\t\t\t<\/div>\n\t\t<\/div>\n\t\t<\/div>\n\t\t<\/div>\n\t\t\t\t\t\t<\/div>\n\t\t\t\t<\/div>\n\t\t\t\t\t<\/div>\n\t\t<\/div>\n\t\t\t\t\t<\/div>\n\t\t<\/section>\n\t\t\t\t<section class=\"elementor-section elementor-top-section elementor-element elementor-element-115f72f0 elementor-section-content-middle elementor-section-boxed elementor-section-height-default elementor-section-height-default\" data-id=\"115f72f0\" data-element_type=\"section\">\n\t\t\t\t\t\t<div class=\"elementor-container elementor-column-gap-no\">\n\t\t\t\t\t<div class=\"elementor-column elementor-col-33 elementor-top-column elementor-element elementor-element-5f789ca2\" data-id=\"5f789ca2\" data-element_type=\"column\">\n\t\t\t<div class=\"elementor-widget-wrap elementor-element-populated\">\n\t\t\t\t\t\t<div class=\"elementor-element elementor-element-722934da elementor-widget elementor-widget-text-editor\" data-id=\"722934da\" data-element_type=\"widget\" data-widget_type=\"text-editor.default\">\n\t\t\t\t<div class=\"elementor-widget-container\">\n\t\t\t\t\t\t\t\t\t<p>2021\/22<\/p>\t\t\t\t\t\t\t\t<\/div>\n\t\t\t\t<\/div>\n\t\t\t\t<div class=\"elementor-element elementor-element-6227aa3 elementor-widget elementor-widget-heading\" data-id=\"6227aa3\" data-element_type=\"widget\" data-widget_type=\"heading.default\">\n\t\t\t\t<div class=\"elementor-widget-container\">\n\t\t\t\t\t<h3 class=\"elementor-heading-title elementor-size-default\">Pupils<\/h3>\t\t\t\t<\/div>\n\t\t\t\t<\/div>\n\t\t\t\t<div class=\"elementor-element elementor-element-593622a1 elementor-widget-divider--view-line elementor-invisible elementor-widget elementor-widget-divider\" data-id=\"593622a1\" data-element_type=\"widget\" data-settings=\"{&quot;_animation&quot;:&quot;fadeInLeft&quot;}\" data-widget_type=\"divider.default\">\n\t\t\t\t<div class=\"elementor-widget-container\">\n\t\t\t\t\t\t\t<div class=\"elementor-divider\">\n\t\t\t<span class=\"elementor-divider-separator\">\n\t\t\t\t\t\t<\/span>\n\t\t<\/div>\n\t\t\t\t\t\t<\/div>\n\t\t\t\t<\/div>\n\t\t\t\t\t<\/div>\n\t\t<\/div>\n\t\t\t\t<div class=\"elementor-column elementor-col-33 elementor-top-column elementor-element elementor-element-66d3b2c3\" data-id=\"66d3b2c3\" data-element_type=\"column\">\n\t\t\t<div class=\"elementor-widget-wrap elementor-element-populated\">\n\t\t\t\t\t\t<div class=\"elementor-element elementor-element-7488741a elementor-invisible elementor-widget elementor-widget-image\" data-id=\"7488741a\" data-element_type=\"widget\" data-settings=\"{&quot;_animation&quot;:&quot;fadeInDown&quot;}\" data-widget_type=\"image.default\">\n\t\t\t\t<div class=\"elementor-widget-container\">\n\t\t\t\t\t\t\t\t\t\t\t\t\t\t\t<img fetchpriority=\"high\" decoding=\"async\" width=\"1688\" height=\"1125\" src=\"https:\/\/colaistenaomheoin.ie\/wp-content\/uploads\/2021\/11\/bw-horse.jpg\" class=\"attachment-full size-full wp-image-794\" alt=\"\" srcset=\"https:\/\/colaistenaomheoin.ie\/wp-content\/uploads\/2021\/11\/bw-horse.jpg 1688w, https:\/\/colaistenaomheoin.ie\/wp-content\/uploads\/2021\/11\/bw-horse-300x200.jpg 300w, https:\/\/colaistenaomheoin.ie\/wp-content\/uploads\/2021\/11\/bw-horse-1024x682.jpg 1024w, https:\/\/colaistenaomheoin.ie\/wp-content\/uploads\/2021\/11\/bw-horse-768x512.jpg 768w, https:\/\/colaistenaomheoin.ie\/wp-content\/uploads\/2021\/11\/bw-horse-1536x1024.jpg 1536w, https:\/\/colaistenaomheoin.ie\/wp-content\/uploads\/2021\/11\/bw-horse-150x100.jpg 150w\" sizes=\"(max-width: 1688px) 100vw, 1688px\" \/>\t\t\t\t\t\t\t\t\t\t\t\t\t\t\t<\/div>\n\t\t\t\t<\/div>\n\t\t\t\t<div class=\"elementor-element elementor-element-2c0f9340 elementor-widget elementor-widget-text-editor\" data-id=\"2c0f9340\" data-element_type=\"widget\" data-widget_type=\"text-editor.default\">\n\t\t\t\t<div class=\"elementor-widget-container\">\n\t\t\t\t\t\t\t\t\t<p><span style=\"color: #333333; font-family: -apple-system, 'system-ui', 'Segoe UI', Roboto, 'Helvetica Neue', Arial, 'Noto Sans', sans-serif; font-size: 16px; text-align: justify;\">Up to 40 pupils are enrolled in the school each year. Most of these students are boarders who stay with families on the island and the rest of the students are residents from the island.<\/span><\/p>\t\t\t\t\t\t\t\t<\/div>\n\t\t\t\t<\/div>\n\t\t\t\t\t<\/div>\n\t\t<\/div>\n\t\t\t\t<div class=\"elementor-column elementor-col-33 elementor-top-column elementor-element elementor-element-c43dc8\" data-id=\"c43dc8\" data-element_type=\"column\">\n\t\t\t<div class=\"elementor-widget-wrap elementor-element-populated\">\n\t\t\t\t\t\t<div class=\"elementor-element elementor-element-25ef711a elementor-widget elementor-widget-text-editor\" data-id=\"25ef711a\" data-element_type=\"widget\" data-widget_type=\"text-editor.default\">\n\t\t\t\t<div class=\"elementor-widget-container\">\n\t\t\t\t\t\t\t\t\t<p><span style=\"color: #333333; font-family: -apple-system, 'system-ui', 'Segoe UI', Roboto, 'Helvetica Neue', Arial, 'Noto Sans', sans-serif; font-size: 16px; text-align: justify;\">Students come from all over Ireland to board at Col\u00e1iste Naomh Eoin.<\/span><\/p>\t\t\t\t\t\t\t\t<\/div>\n\t\t\t\t<\/div>\n\t\t\t\t<div class=\"elementor-element elementor-element-180f5b44 elementor-invisible elementor-widget elementor-widget-image\" data-id=\"180f5b44\" data-element_type=\"widget\" data-settings=\"{&quot;_animation&quot;:&quot;fadeInRight&quot;}\" data-widget_type=\"image.default\">\n\t\t\t\t<div class=\"elementor-widget-container\">\n\t\t\t\t\t\t\t\t\t\t\t\t\t\t\t<img decoding=\"async\" width=\"1688\" height=\"1125\" src=\"https:\/\/colaistenaomheoin.ie\/wp-content\/uploads\/2021\/11\/bw-pier.jpg\" class=\"attachment-full size-full wp-image-795\" alt=\"\" srcset=\"https:\/\/colaistenaomheoin.ie\/wp-content\/uploads\/2021\/11\/bw-pier.jpg 1688w, https:\/\/colaistenaomheoin.ie\/wp-content\/uploads\/2021\/11\/bw-pier-300x200.jpg 300w, https:\/\/colaistenaomheoin.ie\/wp-content\/uploads\/2021\/11\/bw-pier-1024x682.jpg 1024w, https:\/\/colaistenaomheoin.ie\/wp-content\/uploads\/2021\/11\/bw-pier-768x512.jpg 768w, https:\/\/colaistenaomheoin.ie\/wp-content\/uploads\/2021\/11\/bw-pier-1536x1024.jpg 1536w, https:\/\/colaistenaomheoin.ie\/wp-content\/uploads\/2021\/11\/bw-pier-150x100.jpg 150w\" sizes=\"(max-width: 1688px) 100vw, 1688px\" \/>\t\t\t\t\t\t\t\t\t\t\t\t\t\t\t<\/div>\n\t\t\t\t<\/div>\n\t\t\t\t\t<\/div>\n\t\t<\/div>\n\t\t\t\t\t<\/div>\n\t\t<\/section>\n\t\t\t\t<section class=\"elementor-section elementor-top-section elementor-element elementor-element-2769751 elementor-section-content-middle elementor-reverse-mobile elementor-section-boxed elementor-section-height-default elementor-section-height-default\" data-id=\"2769751\" data-element_type=\"section\">\n\t\t\t\t\t\t<div class=\"elementor-container elementor-column-gap-no\">\n\t\t\t\t\t<div class=\"elementor-column elementor-col-50 elementor-top-column elementor-element elementor-element-b2206d6\" data-id=\"b2206d6\" data-element_type=\"column\">\n\t\t\t<div class=\"elementor-widget-wrap elementor-element-populated\">\n\t\t\t\t\t\t<div class=\"elementor-element elementor-element-31a8928 elementor-widget elementor-widget-heading\" data-id=\"31a8928\" data-element_type=\"widget\" data-widget_type=\"heading.default\">\n\t\t\t\t<div class=\"elementor-widget-container\">\n\t\t\t\t\t<h3 class=\"elementor-heading-title elementor-size-default\">Buildings and Facilities<\/h3>\t\t\t\t<\/div>\n\t\t\t\t<\/div>\n\t\t\t\t<div class=\"elementor-element elementor-element-c9c31c5 elementor-widget-divider--view-line elementor-invisible elementor-widget elementor-widget-divider\" data-id=\"c9c31c5\" data-element_type=\"widget\" data-settings=\"{&quot;_animation&quot;:&quot;fadeInLeft&quot;}\" data-widget_type=\"divider.default\">\n\t\t\t\t<div class=\"elementor-widget-container\">\n\t\t\t\t\t\t\t<div class=\"elementor-divider\">\n\t\t\t<span class=\"elementor-divider-separator\">\n\t\t\t\t\t\t<\/span>\n\t\t<\/div>\n\t\t\t\t\t\t<\/div>\n\t\t\t\t<\/div>\n\t\t\t\t<div class=\"elementor-element elementor-element-5d79d2ba elementor-widget elementor-widget-text-editor\" data-id=\"5d79d2ba\" data-element_type=\"widget\" data-widget_type=\"text-editor.default\">\n\t\t\t\t<div class=\"elementor-widget-container\">\n\t\t\t\t\t\t\t\t\t<p>The school is housed in a newly constructed building since 2004. Four classrooms, including a computer room, and the school office are located here. Interconnected to this main building is a science laboratory which was renovated in 2008 at a cost of \u20ac100,000. A brand-new woodwork, technical graphics and construction studies workshop has recently been added to our infrastructure. A new kitchen has recently been added to the school as well as a new Astro-turf pitch. The school also has use of the local football pitch and an outdoor lined tennis court.<\/p>\n<p>Wireless broadband connection is available throughout the school.<\/p>\t\t\t\t\t\t\t\t<\/div>\n\t\t\t\t<\/div>\n\t\t\t\t\t<\/div>\n\t\t<\/div>\n\t\t\t\t<div class=\"elementor-column elementor-col-50 elementor-top-column elementor-element elementor-element-4d061313\" data-id=\"4d061313\" data-element_type=\"column\">\n\t\t\t<div class=\"elementor-widget-wrap elementor-element-populated\">\n\t\t\t\t\t\t<div class=\"elementor-element elementor-element-326d5b23 elementor-invisible elementor-widget elementor-widget-image\" data-id=\"326d5b23\" data-element_type=\"widget\" data-settings=\"{&quot;_animation&quot;:&quot;fadeInRight&quot;,&quot;_animation_delay&quot;:800}\" data-widget_type=\"image.default\">\n\t\t\t\t<div class=\"elementor-widget-container\">\n\t\t\t\t\t\t\t\t\t\t\t\t\t\t\t<img decoding=\"async\" width=\"800\" height=\"600\" src=\"https:\/\/colaistenaomheoin.ie\/wp-content\/uploads\/2014\/05\/photo-142.jpg\" class=\"attachment-full size-full wp-image-131\" alt=\"\" srcset=\"https:\/\/colaistenaomheoin.ie\/wp-content\/uploads\/2014\/05\/photo-142.jpg 800w, https:\/\/colaistenaomheoin.ie\/wp-content\/uploads\/2014\/05\/photo-142-300x225.jpg 300w, https:\/\/colaistenaomheoin.ie\/wp-content\/uploads\/2014\/05\/photo-142-160x120.jpg 160w\" sizes=\"(max-width: 800px) 100vw, 800px\" \/>\t\t\t\t\t\t\t\t\t\t\t\t\t\t\t<\/div>\n\t\t\t\t<\/div>\n\t\t\t\t\t<\/div>\n\t\t<\/div>\n\t\t\t\t\t<\/div>\n\t\t<\/section>\n\t\t\t\t<\/div>","protected":false},"excerpt":{"rendered":"<p>Eolas scoile F\u00fainn Scoil ar leith \u00ed Col\u00e1iste Naomh Eoin, scoil a bhfuil aitheantas n\u00e1isi\u00fanta bronnta uirthi mar gheall ar a r\u00f3l i dt\u00e1rrth\u00e1il &amp; buan\u00fa pobail ar Inis Me\u00e1in. (Gradam Pride of Place 2018). T\u00e1 an polasa\u00ed teanga seo mar bhunchloch na scoile agus ag tac\u00fa le hiarratas ar Aitheantas mar Scoil Ghaeltachta agus [&hellip;]<\/p>","protected":false},"author":1,"featured_media":0,"parent":0,"menu_order":0,"comment_status":"closed","ping_status":"closed","template":"","meta":{"footnotes":""},"class_list":["post-779","page","type-page","status-publish","hentry"],"yoast_head":"<!-- This site is optimized with the Yoast SEO plugin v26.3 - https:\/\/yoast.com\/wordpress\/plugins\/seo\/ -->\n<title>F\u00fainn - Colaiste Naomh Eoin<\/title>\n<meta name=\"description\" content=\"Located on the idyllic Inis Me\u00e1in, Col\u00e1iste Naomh Eoin is one of the most sought after Irish language boarding Secondary schools in Ireland\" \/>\n<meta name=\"robots\" content=\"index, follow, max-snippet:-1, max-image-preview:large, max-video-preview:-1\" \/>\n<link rel=\"canonical\" href=\"https:\/\/colaistenaomheoin.ie\/en\/fuinn\/\" \/>\n<meta property=\"og:locale\" content=\"en_GB\" \/>\n<meta property=\"og:type\" content=\"article\" \/>\n<meta property=\"og:title\" content=\"F\u00fainn - Colaiste Naomh Eoin\" \/>\n<meta property=\"og:description\" content=\"Located on the idyllic Inis Me\u00e1in, Col\u00e1iste Naomh Eoin is one of the most sought after Irish language boarding Secondary schools in Ireland\" \/>\n<meta property=\"og:url\" content=\"https:\/\/colaistenaomheoin.ie\/en\/fuinn\/\" \/>\n<meta property=\"og:site_name\" content=\"Colaiste Naomh Eoin\" \/>\n<meta property=\"article:publisher\" content=\"https:\/\/www.facebook.com\/ColNaomhEoin\/\" \/>\n<meta property=\"article:modified_time\" content=\"2024-02-22T11:05:56+00:00\" \/>\n<meta property=\"og:image\" content=\"https:\/\/colaistenaomheoin.ie\/wp-content\/uploads\/2021\/11\/bw-horse.jpg\" \/>\n<meta name=\"twitter:card\" content=\"summary_large_image\" \/>\n<meta name=\"twitter:site\" content=\"@Col_Naomh_Eoin\" \/>\n<meta name=\"twitter:label1\" content=\"Estimated reading time\" \/>\n\t<meta name=\"twitter:data1\" content=\"6 minutes\" \/>\n<script type=\"application\/ld+json\" class=\"yoast-schema-graph\">{\"@context\":\"https:\/\/schema.org\",\"@graph\":[{\"@type\":\"WebPage\",\"@id\":\"https:\/\/colaistenaomheoin.ie\/fuinn\/\",\"url\":\"https:\/\/colaistenaomheoin.ie\/fuinn\/\",\"name\":\"F\u00fainn - Colaiste Naomh Eoin\",\"isPartOf\":{\"@id\":\"https:\/\/colaistenaomheoin.ie\/#website\"},\"primaryImageOfPage\":{\"@id\":\"https:\/\/colaistenaomheoin.ie\/fuinn\/#primaryimage\"},\"image\":{\"@id\":\"https:\/\/colaistenaomheoin.ie\/fuinn\/#primaryimage\"},\"thumbnailUrl\":\"https:\/\/colaistenaomheoin.ie\/wp-content\/uploads\/2021\/11\/bw-horse.jpg\",\"datePublished\":\"2021-11-24T20:49:28+00:00\",\"dateModified\":\"2024-02-22T11:05:56+00:00\",\"description\":\"Located on the idyllic Inis Me\u00e1in, Col\u00e1iste Naomh Eoin is one of the most sought after Irish language boarding Secondary schools in Ireland\",\"breadcrumb\":{\"@id\":\"https:\/\/colaistenaomheoin.ie\/fuinn\/#breadcrumb\"},\"inLanguage\":\"en-GB\",\"potentialAction\":[{\"@type\":\"ReadAction\",\"target\":[\"https:\/\/colaistenaomheoin.ie\/fuinn\/\"]}]},{\"@type\":\"ImageObject\",\"inLanguage\":\"en-GB\",\"@id\":\"https:\/\/colaistenaomheoin.ie\/fuinn\/#primaryimage\",\"url\":\"https:\/\/colaistenaomheoin.ie\/wp-content\/uploads\/2021\/11\/bw-horse.jpg\",\"contentUrl\":\"https:\/\/colaistenaomheoin.ie\/wp-content\/uploads\/2021\/11\/bw-horse.jpg\"},{\"@type\":\"BreadcrumbList\",\"@id\":\"https:\/\/colaistenaomheoin.ie\/fuinn\/#breadcrumb\",\"itemListElement\":[{\"@type\":\"ListItem\",\"position\":1,\"name\":\"Baile\",\"item\":\"https:\/\/colaistenaomheoin.ie\/\"},{\"@type\":\"ListItem\",\"position\":2,\"name\":\"F\u00fainn\"}]},{\"@type\":\"WebSite\",\"@id\":\"https:\/\/colaistenaomheoin.ie\/#website\",\"url\":\"https:\/\/colaistenaomheoin.ie\/\",\"name\":\"Colaiste Naomh Eoin\",\"description\":\"\",\"publisher\":{\"@id\":\"https:\/\/colaistenaomheoin.ie\/#organization\"},\"potentialAction\":[{\"@type\":\"SearchAction\",\"target\":{\"@type\":\"EntryPoint\",\"urlTemplate\":\"https:\/\/colaistenaomheoin.ie\/?s={search_term_string}\"},\"query-input\":{\"@type\":\"PropertyValueSpecification\",\"valueRequired\":true,\"valueName\":\"search_term_string\"}}],\"inLanguage\":\"en-GB\"},{\"@type\":\"Organization\",\"@id\":\"https:\/\/colaistenaomheoin.ie\/#organization\",\"name\":\"Col\u00e1iste Naomh Eoin\",\"url\":\"https:\/\/colaistenaomheoin.ie\/\",\"logo\":{\"@type\":\"ImageObject\",\"inLanguage\":\"en-GB\",\"@id\":\"https:\/\/colaistenaomheoin.ie\/#\/schema\/logo\/image\/\",\"url\":\"https:\/\/colaistenaomheoin.ie\/wp-content\/uploads\/2021\/11\/Colaiste-Eoin-Logo-Sidebar.png\",\"contentUrl\":\"https:\/\/colaistenaomheoin.ie\/wp-content\/uploads\/2021\/11\/Colaiste-Eoin-Logo-Sidebar.png\",\"width\":160,\"height\":180,\"caption\":\"Col\u00e1iste Naomh Eoin\"},\"image\":{\"@id\":\"https:\/\/colaistenaomheoin.ie\/#\/schema\/logo\/image\/\"},\"sameAs\":[\"https:\/\/www.facebook.com\/ColNaomhEoin\/\",\"https:\/\/x.com\/Col_Naomh_Eoin\",\"https:\/\/www.instagram.com\/colaistenaomheoin\/\"]}]}<\/script>\n<!-- \/ Yoast SEO plugin. -->","yoast_head_json":{"title":"F\u00fainn - Colaiste Naomh Eoin","description":"Located on the idyllic Inis Me\u00e1in, Col\u00e1iste Naomh Eoin is one of the most sought after Irish language boarding Secondary schools in Ireland","robots":{"index":"index","follow":"follow","max-snippet":"max-snippet:-1","max-image-preview":"max-image-preview:large","max-video-preview":"max-video-preview:-1"},"canonical":"https:\/\/colaistenaomheoin.ie\/en\/fuinn\/","og_locale":"en_GB","og_type":"article","og_title":"F\u00fainn - Colaiste Naomh Eoin","og_description":"Located on the idyllic Inis Me\u00e1in, Col\u00e1iste Naomh Eoin is one of the most sought after Irish language boarding Secondary schools in Ireland","og_url":"https:\/\/colaistenaomheoin.ie\/en\/fuinn\/","og_site_name":"Colaiste Naomh Eoin","article_publisher":"https:\/\/www.facebook.com\/ColNaomhEoin\/","article_modified_time":"2024-02-22T11:05:56+00:00","og_image":[{"url":"https:\/\/colaistenaomheoin.ie\/wp-content\/uploads\/2021\/11\/bw-horse.jpg","type":"","width":"","height":""}],"twitter_card":"summary_large_image","twitter_site":"@Col_Naomh_Eoin","twitter_misc":{"Estimated reading time":"6 minutes"},"schema":{"@context":"https:\/\/schema.org","@graph":[{"@type":"WebPage","@id":"https:\/\/colaistenaomheoin.ie\/fuinn\/","url":"https:\/\/colaistenaomheoin.ie\/fuinn\/","name":"F\u00fainn - Colaiste Naomh Eoin","isPartOf":{"@id":"https:\/\/colaistenaomheoin.ie\/#website"},"primaryImageOfPage":{"@id":"https:\/\/colaistenaomheoin.ie\/fuinn\/#primaryimage"},"image":{"@id":"https:\/\/colaistenaomheoin.ie\/fuinn\/#primaryimage"},"thumbnailUrl":"https:\/\/colaistenaomheoin.ie\/wp-content\/uploads\/2021\/11\/bw-horse.jpg","datePublished":"2021-11-24T20:49:28+00:00","dateModified":"2024-02-22T11:05:56+00:00","description":"Located on the idyllic Inis Me\u00e1in, Col\u00e1iste Naomh Eoin is one of the most sought after Irish language boarding Secondary schools in Ireland","breadcrumb":{"@id":"https:\/\/colaistenaomheoin.ie\/fuinn\/#breadcrumb"},"inLanguage":"en-GB","potentialAction":[{"@type":"ReadAction","target":["https:\/\/colaistenaomheoin.ie\/fuinn\/"]}]},{"@type":"ImageObject","inLanguage":"en-GB","@id":"https:\/\/colaistenaomheoin.ie\/fuinn\/#primaryimage","url":"https:\/\/colaistenaomheoin.ie\/wp-content\/uploads\/2021\/11\/bw-horse.jpg","contentUrl":"https:\/\/colaistenaomheoin.ie\/wp-content\/uploads\/2021\/11\/bw-horse.jpg"},{"@type":"BreadcrumbList","@id":"https:\/\/colaistenaomheoin.ie\/fuinn\/#breadcrumb","itemListElement":[{"@type":"ListItem","position":1,"name":"Baile","item":"https:\/\/colaistenaomheoin.ie\/"},{"@type":"ListItem","position":2,"name":"F\u00fainn"}]},{"@type":"WebSite","@id":"https:\/\/colaistenaomheoin.ie\/#website","url":"https:\/\/colaistenaomheoin.ie\/","name":"Colaiste Naomh Eoin","description":"","publisher":{"@id":"https:\/\/colaistenaomheoin.ie\/#organization"},"potentialAction":[{"@type":"SearchAction","target":{"@type":"EntryPoint","urlTemplate":"https:\/\/colaistenaomheoin.ie\/?s={search_term_string}"},"query-input":{"@type":"PropertyValueSpecification","valueRequired":true,"valueName":"search_term_string"}}],"inLanguage":"en-GB"},{"@type":"Organization","@id":"https:\/\/colaistenaomheoin.ie\/#organization","name":"Col\u00e1iste Naomh Eoin","url":"https:\/\/colaistenaomheoin.ie\/","logo":{"@type":"ImageObject","inLanguage":"en-GB","@id":"https:\/\/colaistenaomheoin.ie\/#\/schema\/logo\/image\/","url":"https:\/\/colaistenaomheoin.ie\/wp-content\/uploads\/2021\/11\/Colaiste-Eoin-Logo-Sidebar.png","contentUrl":"https:\/\/colaistenaomheoin.ie\/wp-content\/uploads\/2021\/11\/Colaiste-Eoin-Logo-Sidebar.png","width":160,"height":180,"caption":"Col\u00e1iste Naomh Eoin"},"image":{"@id":"https:\/\/colaistenaomheoin.ie\/#\/schema\/logo\/image\/"},"sameAs":["https:\/\/www.facebook.com\/ColNaomhEoin\/","https:\/\/x.com\/Col_Naomh_Eoin","https:\/\/www.instagram.com\/colaistenaomheoin\/"]}]}},"_links":{"self":[{"href":"https:\/\/colaistenaomheoin.ie\/en\/wp-json\/wp\/v2\/pages\/779","targetHints":{"allow":["GET"]}}],"collection":[{"href":"https:\/\/colaistenaomheoin.ie\/en\/wp-json\/wp\/v2\/pages"}],"about":[{"href":"https:\/\/colaistenaomheoin.ie\/en\/wp-json\/wp\/v2\/types\/page"}],"author":[{"embeddable":true,"href":"https:\/\/colaistenaomheoin.ie\/en\/wp-json\/wp\/v2\/users\/1"}],"replies":[{"embeddable":true,"href":"https:\/\/colaistenaomheoin.ie\/en\/wp-json\/wp\/v2\/comments?post=779"}],"version-history":[{"count":68,"href":"https:\/\/colaistenaomheoin.ie\/en\/wp-json\/wp\/v2\/pages\/779\/revisions"}],"predecessor-version":[{"id":1560,"href":"https:\/\/colaistenaomheoin.ie\/en\/wp-json\/wp\/v2\/pages\/779\/revisions\/1560"}],"wp:attachment":[{"href":"https:\/\/colaistenaomheoin.ie\/en\/wp-json\/wp\/v2\/media?parent=779"}],"curies":[{"name":"wp","href":"https:\/\/api.w.org\/{rel}","templated":true}]}}